{"id":3762,"date":"2025-06-17T14:05:38","date_gmt":"2025-06-17T14:05:38","guid":{"rendered":"https:\/\/steffenfreiling.de\/us-them-we\/"},"modified":"2025-11-25T17:58:32","modified_gmt":"2025-11-25T17:58:32","slug":"us-them-we","status":"publish","type":"page","link":"https:\/\/steffenfreiling.de\/en\/galleries\/us-them-we\/","title":{"rendered":"Us Them We"},"content":{"rendered":"\t\t<div data-elementor-type=\"wp-page\" data-elementor-id=\"3762\" class=\"elementor elementor-3762 elementor-1586\" data-elementor-post-type=\"page\">\n\t\t\t\t<div class=\"elementor-element elementor-element-9bb6723 e-con-full container-padding-left-right-8  e-flex e-con e-parent\" data-id=\"9bb6723\" data-element_type=\"container\" data-e-type=\"container\">\n\t\t\t\t<div class=\"elementor-element elementor-element-985c5d8 elementor-widget elementor-widget-text-editor\" data-id=\"985c5d8\" data-element_type=\"widget\" data-e-type=\"widget\" data-widget_type=\"text-editor.default\">\n\t\t\t\t<div class=\"elementor-widget-container\">\n\t\t\t\t\t\t\t\t\t<img decoding=\"async\" class=\"umlaufbild\" src=\"https:\/\/steffenfreiling.de\/wp-content\/uploads\/2025\/06\/us-them-we-steffenfreiling-06-800.webp\" alt=\"Photographic series 'Us - Them - We' by Steffen Freiling - visual structures about community, closeness and separation.\">\n<h1>Us \u2013 Them \u2013 We: Spaces of Connectedness<\/h1>\n<div class=\"umlauftext lineheight-galerietext\">\n\n<p>This series moves between <strong>closeness and distance<\/strong>, between <strong>connection <\/strong>and <strong>separation<\/strong>. It circles around the idea of <strong>togetherness <\/strong>\u2013 in large or small groups, or completely alone, calmly, consciously, and self-contained. In urban structures, on imaginary islands, across entire continents.<\/p>\n\n<p>These dynamic structures emerged in a <strong>petri dish <\/strong>filled with soap solution. <strong>Color pigments are injected <\/strong>\u2013 sometimes forcefully, sometimes with restraint. Bubbles form, clusters, islands \u2013 <strong>fragile entities <\/strong>that continuously transform. Hardly captured, they begin to dissolve, reconnect, or disappear to make room for new forms. Where nothing intervenes, colors slowly spread \u2013 as gentle transitions, as in-between zones \u2013 in constant flux.<\/p>\n\n<p>What becomes visible evokes crowds and their absence. \nMoments of encounter \u2013 or missed opportunities. \nThe dissolution of a group. The <strong>beauty of the silence <\/strong>that follows. The fleeting nature of these formations reflects the <strong>transient essence of human relationships<\/strong>, ever in motion. <\/p>\n\n<p>These images do not speak of specific individuals, but of the <strong>human condition itself<\/strong>. Of the shifting balance between closeness and distance. Of living in community \u2013 and within one\u2019s own space. <\/p>\n\n<\/div>\n\t\t\t\t\t\t\t\t<\/div>\n\t\t\t\t<\/div>\n\t\t\t\t<\/div>\n\t\t<div class=\"elementor-element elementor-element-fb22847 e-con-full above-gallery e-flex e-con e-child\" data-id=\"fb22847\" data-element_type=\"container\" data-e-type=\"container\">\n\t\t\t\t<div class=\"elementor-element elementor-element-1a49b0f elementor-widget elementor-widget-spacer\" data-id=\"1a49b0f\" data-element_type=\"widget\" data-e-type=\"widget\" data-widget_type=\"spacer.default\">\n\t\t\t\t<div class=\"elementor-widget-container\">\n\t\t\t\t\t\t\t<div class=\"elementor-spacer\">\n\t\t\t<div class=\"elementor-spacer-inner\"><\/div>\n\t\t<\/div>\n\t\t\t\t\t\t<\/div>\n\t\t\t\t<\/div>\n\t\t\t\t<div class=\"elementor-element elementor-element-7574b12 elementor-widget elementor-widget-heading\" data-id=\"7574b12\" data-element_type=\"widget\" data-e-type=\"widget\" data-widget_type=\"heading.default\">\n\t\t\t\t<div class=\"elementor-widget-container\">\n\t\t\t\t\t<h2 class=\"elementor-heading-title elementor-size-default\">Selected works from the series<\/h2>\t\t\t\t<\/div>\n\t\t\t\t<\/div>\n\t\t\t\t<div class=\"elementor-element elementor-element-6d3fde0 elementor-widget elementor-widget-spacer\" data-id=\"6d3fde0\" data-element_type=\"widget\" data-e-type=\"widget\" data-widget_type=\"spacer.default\">\n\t\t\t\t<div class=\"elementor-widget-container\">\n\t\t\t\t\t\t\t<div class=\"elementor-spacer\">\n\t\t\t<div class=\"elementor-spacer-inner\"><\/div>\n\t\t<\/div>\n\t\t\t\t\t\t<\/div>\n\t\t\t\t<\/div>\n\t\t\t\t<\/div>\n\t\t<div class=\"elementor-element elementor-element-3b84823 e-con-full gstack  e-flex e-con e-child\" data-id=\"3b84823\" data-element_type=\"container\" data-e-type=\"container\">\n\t\t\t\t<div class=\"elementor-element elementor-element-f110842 elementor-widget elementor-widget-image\" data-id=\"f110842\" data-element_type=\"widget\" data-e-type=\"widget\" data-widget_type=\"image.default\">\n\t\t\t\t<div class=\"elementor-widget-container\">\n\t\t\t\t\t\t\t\t\t\t\t\t<figure class=\"wp-caption\">\n\t\t\t\t\t\t\t\t\t\t<img fetchpriority=\"high\" decoding=\"async\" width=\"2000\" height=\"1333\" src=\"https:\/\/steffenfreiling.de\/wp-content\/uploads\/2025\/06\/us-them-we-steffenfreiling-01.webp\" class=\"attachment-full size-full wp-image-3273\" alt=\"Makroaufnahme von Farbpigmenten in Seifenl\u00f6sung \u2013 aus der Serie \u00fcber soziale Strukturen, Ver\u00e4nderung und Verg\u00e4nglichkeit von Steffen Freiling.\" srcset=\"https:\/\/steffenfreiling.de\/wp-content\/uploads\/2025\/06\/us-them-we-steffenfreiling-01.webp 2000w, https:\/\/steffenfreiling.de\/wp-content\/uploads\/2025\/06\/us-them-we-steffenfreiling-01-800x533.webp 800w, https:\/\/steffenfreiling.de\/wp-content\/uploads\/2025\/06\/us-them-we-steffenfreiling-01-300x200.webp 300w, https:\/\/steffenfreiling.de\/wp-content\/uploads\/2025\/06\/us-them-we-steffenfreiling-01-1600x1066.webp 1600w, https:\/\/steffenfreiling.de\/wp-content\/uploads\/2025\/06\/us-them-we-steffenfreiling-01-64x43.webp 64w, https:\/\/steffenfreiling.de\/wp-content\/uploads\/2025\/06\/us-them-we-steffenfreiling-01-1024x682.webp 1024w, https:\/\/steffenfreiling.de\/wp-content\/uploads\/2025\/06\/us-them-we-steffenfreiling-01-768x512.webp 768w, https:\/\/steffenfreiling.de\/wp-content\/uploads\/2025\/06\/us-them-we-steffenfreiling-01-1536x1024.webp 1536w\" sizes=\"(max-width: 2000px) 100vw, 2000px\" \/>\t\t\t\t\t\t\t\t\t\t\t<figcaption class=\"widget-image-caption wp-caption-text\">Yellow, 2024<\/figcaption>\n\t\t\t\t\t\t\t\t\t\t<\/figure>\n\t\t\t\t\t\t\t\t\t<\/div>\n\t\t\t\t<\/div>\n\t\t\t\t<div class=\"elementor-element elementor-element-ce6ce20 elementor-widget elementor-widget-image\" data-id=\"ce6ce20\" data-element_type=\"widget\" data-e-type=\"widget\" data-widget_type=\"image.default\">\n\t\t\t\t<div class=\"elementor-widget-container\">\n\t\t\t\t\t\t\t\t\t\t\t\t<figure class=\"wp-caption\">\n\t\t\t\t\t\t\t\t\t\t<img decoding=\"async\" width=\"2000\" height=\"1334\" src=\"https:\/\/steffenfreiling.de\/wp-content\/uploads\/2025\/06\/us-them-we-steffenfreiling-06.webp\" class=\"attachment-full size-full wp-image-3270\" alt=\"Makroaufnahme von Farbpigmenten in Seifenl\u00f6sung \u2013 aus der Serie \u00fcber soziale Strukturen, Ver\u00e4nderung und Verg\u00e4nglichkeit von Steffen Freiling.\" srcset=\"https:\/\/steffenfreiling.de\/wp-content\/uploads\/2025\/06\/us-them-we-steffenfreiling-06.webp 2000w, https:\/\/steffenfreiling.de\/wp-content\/uploads\/2025\/06\/us-them-we-steffenfreiling-06-800x534.webp 800w, https:\/\/steffenfreiling.de\/wp-content\/uploads\/2025\/06\/us-them-we-steffenfreiling-06-300x200.webp 300w, https:\/\/steffenfreiling.de\/wp-content\/uploads\/2025\/06\/us-them-we-steffenfreiling-06-1600x1067.webp 1600w, https:\/\/steffenfreiling.de\/wp-content\/uploads\/2025\/06\/us-them-we-steffenfreiling-06-64x43.webp 64w, https:\/\/steffenfreiling.de\/wp-content\/uploads\/2025\/06\/us-them-we-steffenfreiling-06-1024x683.webp 1024w, https:\/\/steffenfreiling.de\/wp-content\/uploads\/2025\/06\/us-them-we-steffenfreiling-06-768x512.webp 768w, https:\/\/steffenfreiling.de\/wp-content\/uploads\/2025\/06\/us-them-we-steffenfreiling-06-1536x1025.webp 1536w\" sizes=\"(max-width: 2000px) 100vw, 2000px\" \/>\t\t\t\t\t\t\t\t\t\t\t<figcaption class=\"widget-image-caption wp-caption-text\">Us - Them - We, 2024<\/figcaption>\n\t\t\t\t\t\t\t\t\t\t<\/figure>\n\t\t\t\t\t\t\t\t\t<\/div>\n\t\t\t\t<\/div>\n\t\t\t\t<div class=\"elementor-element elementor-element-7dee128 elementor-widget elementor-widget-image\" data-id=\"7dee128\" data-element_type=\"widget\" data-e-type=\"widget\" data-widget_type=\"image.default\">\n\t\t\t\t<div class=\"elementor-widget-container\">\n\t\t\t\t\t\t\t\t\t\t\t\t<figure class=\"wp-caption\">\n\t\t\t\t\t\t\t\t\t\t<img decoding=\"async\" width=\"2000\" height=\"1333\" src=\"https:\/\/steffenfreiling.de\/wp-content\/uploads\/2025\/06\/us-them-we-steffenfreiling-11.webp\" class=\"attachment-full size-full wp-image-3272\" alt=\"Makroaufnahme von Farbpigmenten in Seifenl\u00f6sung \u2013 aus der Serie \u00fcber soziale Strukturen, Ver\u00e4nderung und Verg\u00e4nglichkeit von Steffen Freiling.\" srcset=\"https:\/\/steffenfreiling.de\/wp-content\/uploads\/2025\/06\/us-them-we-steffenfreiling-11.webp 2000w, https:\/\/steffenfreiling.de\/wp-content\/uploads\/2025\/06\/us-them-we-steffenfreiling-11-800x533.webp 800w, https:\/\/steffenfreiling.de\/wp-content\/uploads\/2025\/06\/us-them-we-steffenfreiling-11-300x200.webp 300w, https:\/\/steffenfreiling.de\/wp-content\/uploads\/2025\/06\/us-them-we-steffenfreiling-11-1600x1066.webp 1600w, https:\/\/steffenfreiling.de\/wp-content\/uploads\/2025\/06\/us-them-we-steffenfreiling-11-64x43.webp 64w, https:\/\/steffenfreiling.de\/wp-content\/uploads\/2025\/06\/us-them-we-steffenfreiling-11-1024x682.webp 1024w, https:\/\/steffenfreiling.de\/wp-content\/uploads\/2025\/06\/us-them-we-steffenfreiling-11-768x512.webp 768w, https:\/\/steffenfreiling.de\/wp-content\/uploads\/2025\/06\/us-them-we-steffenfreiling-11-1536x1024.webp 1536w\" sizes=\"(max-width: 2000px) 100vw, 2000px\" \/>\t\t\t\t\t\t\t\t\t\t\t<figcaption class=\"widget-image-caption wp-caption-text\">Lemmings, 2024<\/figcaption>\n\t\t\t\t\t\t\t\t\t\t<\/figure>\n\t\t\t\t\t\t\t\t\t<\/div>\n\t\t\t\t<\/div>\n\t\t\t\t<div class=\"elementor-element elementor-element-4e7b55f elementor-widget elementor-widget-image\" data-id=\"4e7b55f\" data-element_type=\"widget\" data-e-type=\"widget\" data-widget_type=\"image.default\">\n\t\t\t\t<div class=\"elementor-widget-container\">\n\t\t\t\t\t\t\t\t\t\t\t\t<figure class=\"wp-caption\">\n\t\t\t\t\t\t\t\t\t\t<img loading=\"lazy\" decoding=\"async\" width=\"2000\" height=\"1333\" src=\"https:\/\/steffenfreiling.de\/wp-content\/uploads\/2025\/06\/us-them-we-steffenfreiling-04.webp\" class=\"attachment-full size-full wp-image-3271\" alt=\"Makroaufnahme von Farbpigmenten in Seifenl\u00f6sung \u2013 aus der Serie \u00fcber soziale Strukturen, Ver\u00e4nderung und Verg\u00e4nglichkeit von Steffen Freiling.\" srcset=\"https:\/\/steffenfreiling.de\/wp-content\/uploads\/2025\/06\/us-them-we-steffenfreiling-04.webp 2000w, https:\/\/steffenfreiling.de\/wp-content\/uploads\/2025\/06\/us-them-we-steffenfreiling-04-800x533.webp 800w, https:\/\/steffenfreiling.de\/wp-content\/uploads\/2025\/06\/us-them-we-steffenfreiling-04-300x200.webp 300w, https:\/\/steffenfreiling.de\/wp-content\/uploads\/2025\/06\/us-them-we-steffenfreiling-04-1600x1066.webp 1600w, https:\/\/steffenfreiling.de\/wp-content\/uploads\/2025\/06\/us-them-we-steffenfreiling-04-64x43.webp 64w, https:\/\/steffenfreiling.de\/wp-content\/uploads\/2025\/06\/us-them-we-steffenfreiling-04-1024x682.webp 1024w, https:\/\/steffenfreiling.de\/wp-content\/uploads\/2025\/06\/us-them-we-steffenfreiling-04-768x512.webp 768w, https:\/\/steffenfreiling.de\/wp-content\/uploads\/2025\/06\/us-them-we-steffenfreiling-04-1536x1024.webp 1536w\" sizes=\"(max-width: 2000px) 100vw, 2000px\" \/>\t\t\t\t\t\t\t\t\t\t\t<figcaption class=\"widget-image-caption wp-caption-text\">Italy, 2024<\/figcaption>\n\t\t\t\t\t\t\t\t\t\t<\/figure>\n\t\t\t\t\t\t\t\t\t<\/div>\n\t\t\t\t<\/div>\n\t\t\t\t<div class=\"elementor-element elementor-element-02838a6 elementor-widget elementor-widget-image\" data-id=\"02838a6\" data-element_type=\"widget\" data-e-type=\"widget\" data-widget_type=\"image.default\">\n\t\t\t\t<div class=\"elementor-widget-container\">\n\t\t\t\t\t\t\t\t\t\t\t\t<figure class=\"wp-caption\">\n\t\t\t\t\t\t\t\t\t\t<img loading=\"lazy\" decoding=\"async\" width=\"2000\" height=\"1333\" src=\"https:\/\/steffenfreiling.de\/wp-content\/uploads\/2025\/06\/us-them-we-steffenfreiling-08.webp\" class=\"attachment-full size-full wp-image-3278\" alt=\"Makroaufnahme von Farbpigmenten in Seifenl\u00f6sung \u2013 aus der Serie \u00fcber soziale Strukturen, Ver\u00e4nderung und Verg\u00e4nglichkeit von Steffen Freiling.\" srcset=\"https:\/\/steffenfreiling.de\/wp-content\/uploads\/2025\/06\/us-them-we-steffenfreiling-08.webp 2000w, https:\/\/steffenfreiling.de\/wp-content\/uploads\/2025\/06\/us-them-we-steffenfreiling-08-800x533.webp 800w, https:\/\/steffenfreiling.de\/wp-content\/uploads\/2025\/06\/us-them-we-steffenfreiling-08-300x200.webp 300w, https:\/\/steffenfreiling.de\/wp-content\/uploads\/2025\/06\/us-them-we-steffenfreiling-08-1600x1066.webp 1600w, https:\/\/steffenfreiling.de\/wp-content\/uploads\/2025\/06\/us-them-we-steffenfreiling-08-64x43.webp 64w, https:\/\/steffenfreiling.de\/wp-content\/uploads\/2025\/06\/us-them-we-steffenfreiling-08-1024x682.webp 1024w, https:\/\/steffenfreiling.de\/wp-content\/uploads\/2025\/06\/us-them-we-steffenfreiling-08-768x512.webp 768w, https:\/\/steffenfreiling.de\/wp-content\/uploads\/2025\/06\/us-them-we-steffenfreiling-08-1536x1024.webp 1536w\" sizes=\"(max-width: 2000px) 100vw, 2000px\" \/>\t\t\t\t\t\t\t\t\t\t\t<figcaption class=\"widget-image-caption wp-caption-text\">Arrival, 2024<\/figcaption>\n\t\t\t\t\t\t\t\t\t\t<\/figure>\n\t\t\t\t\t\t\t\t\t<\/div>\n\t\t\t\t<\/div>\n\t\t\t\t<div class=\"elementor-element elementor-element-8e72198 elementor-widget elementor-widget-image\" data-id=\"8e72198\" data-element_type=\"widget\" data-e-type=\"widget\" data-widget_type=\"image.default\">\n\t\t\t\t<div class=\"elementor-widget-container\">\n\t\t\t\t\t\t\t\t\t\t\t\t<figure class=\"wp-caption\">\n\t\t\t\t\t\t\t\t\t\t<img loading=\"lazy\" decoding=\"async\" width=\"1888\" height=\"2000\" src=\"https:\/\/steffenfreiling.de\/wp-content\/uploads\/2025\/06\/us-them-we-steffenfreiling-02.webp\" class=\"attachment-full size-full wp-image-3274\" alt=\"Makroaufnahme von Farbpigmenten in Seifenl\u00f6sung \u2013 aus der Serie \u00fcber soziale Strukturen, Ver\u00e4nderung und Verg\u00e4nglichkeit von Steffen Freiling.\" srcset=\"https:\/\/steffenfreiling.de\/wp-content\/uploads\/2025\/06\/us-them-we-steffenfreiling-02.webp 1888w, https:\/\/steffenfreiling.de\/wp-content\/uploads\/2025\/06\/us-them-we-steffenfreiling-02-800x847.webp 800w, https:\/\/steffenfreiling.de\/wp-content\/uploads\/2025\/06\/us-them-we-steffenfreiling-02-283x300.webp 283w, https:\/\/steffenfreiling.de\/wp-content\/uploads\/2025\/06\/us-them-we-steffenfreiling-02-1600x1695.webp 1600w, https:\/\/steffenfreiling.de\/wp-content\/uploads\/2025\/06\/us-them-we-steffenfreiling-02-64x68.webp 64w, https:\/\/steffenfreiling.de\/wp-content\/uploads\/2025\/06\/us-them-we-steffenfreiling-02-967x1024.webp 967w, https:\/\/steffenfreiling.de\/wp-content\/uploads\/2025\/06\/us-them-we-steffenfreiling-02-768x814.webp 768w, https:\/\/steffenfreiling.de\/wp-content\/uploads\/2025\/06\/us-them-we-steffenfreiling-02-1450x1536.webp 1450w\" sizes=\"(max-width: 1888px) 100vw, 1888px\" \/>\t\t\t\t\t\t\t\t\t\t\t<figcaption class=\"widget-image-caption wp-caption-text\">Bloody Storm, 2024<\/figcaption>\n\t\t\t\t\t\t\t\t\t\t<\/figure>\n\t\t\t\t\t\t\t\t\t<\/div>\n\t\t\t\t<\/div>\n\t\t\t\t<div class=\"elementor-element elementor-element-11afcd3 elementor-widget elementor-widget-image\" data-id=\"11afcd3\" data-element_type=\"widget\" data-e-type=\"widget\" data-widget_type=\"image.default\">\n\t\t\t\t<div class=\"elementor-widget-container\">\n\t\t\t\t\t\t\t\t\t\t\t\t<figure class=\"wp-caption\">\n\t\t\t\t\t\t\t\t\t\t<img loading=\"lazy\" decoding=\"async\" width=\"2000\" height=\"1333\" src=\"https:\/\/steffenfreiling.de\/wp-content\/uploads\/2025\/06\/us-them-we-steffenfreiling-09.webp\" class=\"attachment-full size-full wp-image-3279\" alt=\"Makroaufnahme von Farbpigmenten in Seifenl\u00f6sung \u2013 aus der Serie \u00fcber soziale Strukturen, Ver\u00e4nderung und Verg\u00e4nglichkeit von Steffen Freiling.\" srcset=\"https:\/\/steffenfreiling.de\/wp-content\/uploads\/2025\/06\/us-them-we-steffenfreiling-09.webp 2000w, https:\/\/steffenfreiling.de\/wp-content\/uploads\/2025\/06\/us-them-we-steffenfreiling-09-800x533.webp 800w, https:\/\/steffenfreiling.de\/wp-content\/uploads\/2025\/06\/us-them-we-steffenfreiling-09-300x200.webp 300w, https:\/\/steffenfreiling.de\/wp-content\/uploads\/2025\/06\/us-them-we-steffenfreiling-09-1600x1066.webp 1600w, https:\/\/steffenfreiling.de\/wp-content\/uploads\/2025\/06\/us-them-we-steffenfreiling-09-64x43.webp 64w, https:\/\/steffenfreiling.de\/wp-content\/uploads\/2025\/06\/us-them-we-steffenfreiling-09-1024x682.webp 1024w, https:\/\/steffenfreiling.de\/wp-content\/uploads\/2025\/06\/us-them-we-steffenfreiling-09-768x512.webp 768w, https:\/\/steffenfreiling.de\/wp-content\/uploads\/2025\/06\/us-them-we-steffenfreiling-09-1536x1024.webp 1536w\" sizes=\"(max-width: 2000px) 100vw, 2000px\" \/>\t\t\t\t\t\t\t\t\t\t\t<figcaption class=\"widget-image-caption wp-caption-text\">Deep, 2024<\/figcaption>\n\t\t\t\t\t\t\t\t\t\t<\/figure>\n\t\t\t\t\t\t\t\t\t<\/div>\n\t\t\t\t<\/div>\n\t\t\t\t<div class=\"elementor-element elementor-element-34764f5 elementor-widget elementor-widget-image\" data-id=\"34764f5\" data-element_type=\"widget\" data-e-type=\"widget\" data-widget_type=\"image.default\">\n\t\t\t\t<div class=\"elementor-widget-container\">\n\t\t\t\t\t\t\t\t\t\t\t\t<figure class=\"wp-caption\">\n\t\t\t\t\t\t\t\t\t\t<img loading=\"lazy\" decoding=\"async\" width=\"2000\" height=\"1333\" src=\"https:\/\/steffenfreiling.de\/wp-content\/uploads\/2025\/06\/us-them-we-steffenfreiling-14.webp\" class=\"attachment-full size-full wp-image-3283\" alt=\"Makroaufnahme von Farbpigmenten in Seifenl\u00f6sung \u2013 aus der Serie \u00fcber soziale Strukturen, Ver\u00e4nderung und Verg\u00e4nglichkeit von Steffen Freiling.\" srcset=\"https:\/\/steffenfreiling.de\/wp-content\/uploads\/2025\/06\/us-them-we-steffenfreiling-14.webp 2000w, https:\/\/steffenfreiling.de\/wp-content\/uploads\/2025\/06\/us-them-we-steffenfreiling-14-800x533.webp 800w, https:\/\/steffenfreiling.de\/wp-content\/uploads\/2025\/06\/us-them-we-steffenfreiling-14-300x200.webp 300w, https:\/\/steffenfreiling.de\/wp-content\/uploads\/2025\/06\/us-them-we-steffenfreiling-14-1600x1066.webp 1600w, https:\/\/steffenfreiling.de\/wp-content\/uploads\/2025\/06\/us-them-we-steffenfreiling-14-64x43.webp 64w, https:\/\/steffenfreiling.de\/wp-content\/uploads\/2025\/06\/us-them-we-steffenfreiling-14-1024x682.webp 1024w, https:\/\/steffenfreiling.de\/wp-content\/uploads\/2025\/06\/us-them-we-steffenfreiling-14-768x512.webp 768w, https:\/\/steffenfreiling.de\/wp-content\/uploads\/2025\/06\/us-them-we-steffenfreiling-14-1536x1024.webp 1536w\" sizes=\"(max-width: 2000px) 100vw, 2000px\" \/>\t\t\t\t\t\t\t\t\t\t\t<figcaption class=\"widget-image-caption wp-caption-text\">N\u00b02422, 2024<\/figcaption>\n\t\t\t\t\t\t\t\t\t\t<\/figure>\n\t\t\t\t\t\t\t\t\t<\/div>\n\t\t\t\t<\/div>\n\t\t\t\t<div class=\"elementor-element elementor-element-532f76e elementor-widget elementor-widget-image\" data-id=\"532f76e\" data-element_type=\"widget\" data-e-type=\"widget\" data-widget_type=\"image.default\">\n\t\t\t\t<div class=\"elementor-widget-container\">\n\t\t\t\t\t\t\t\t\t\t\t\t<figure class=\"wp-caption\">\n\t\t\t\t\t\t\t\t\t\t<img loading=\"lazy\" decoding=\"async\" width=\"1333\" height=\"2000\" src=\"https:\/\/steffenfreiling.de\/wp-content\/uploads\/2025\/06\/us-them-we-steffenfreiling-07.webp\" class=\"attachment-full size-full wp-image-3277\" alt=\"Makroaufnahme von Farbpigmenten in Seifenl\u00f6sung \u2013 aus der Serie \u00fcber soziale Strukturen, Ver\u00e4nderung und Verg\u00e4nglichkeit von Steffen Freiling.\" srcset=\"https:\/\/steffenfreiling.de\/wp-content\/uploads\/2025\/06\/us-them-we-steffenfreiling-07.webp 1333w, https:\/\/steffenfreiling.de\/wp-content\/uploads\/2025\/06\/us-them-we-steffenfreiling-07-800x1200.webp 800w, https:\/\/steffenfreiling.de\/wp-content\/uploads\/2025\/06\/us-them-we-steffenfreiling-07-200x300.webp 200w, https:\/\/steffenfreiling.de\/wp-content\/uploads\/2025\/06\/us-them-we-steffenfreiling-07-64x96.webp 64w, https:\/\/steffenfreiling.de\/wp-content\/uploads\/2025\/06\/us-them-we-steffenfreiling-07-600x900.webp 600w, https:\/\/steffenfreiling.de\/wp-content\/uploads\/2025\/06\/us-them-we-steffenfreiling-07-682x1024.webp 682w, https:\/\/steffenfreiling.de\/wp-content\/uploads\/2025\/06\/us-them-we-steffenfreiling-07-768x1152.webp 768w, https:\/\/steffenfreiling.de\/wp-content\/uploads\/2025\/06\/us-them-we-steffenfreiling-07-1024x1536.webp 1024w\" sizes=\"(max-width: 1333px) 100vw, 1333px\" \/>\t\t\t\t\t\t\t\t\t\t\t<figcaption class=\"widget-image-caption wp-caption-text\">Over the Moon, 2024<\/figcaption>\n\t\t\t\t\t\t\t\t\t\t<\/figure>\n\t\t\t\t\t\t\t\t\t<\/div>\n\t\t\t\t<\/div>\n\t\t\t\t<div class=\"elementor-element elementor-element-67af560 elementor-widget elementor-widget-image\" data-id=\"67af560\" data-element_type=\"widget\" data-e-type=\"widget\" data-widget_type=\"image.default\">\n\t\t\t\t<div class=\"elementor-widget-container\">\n\t\t\t\t\t\t\t\t\t\t\t\t<figure class=\"wp-caption\">\n\t\t\t\t\t\t\t\t\t\t<img loading=\"lazy\" decoding=\"async\" width=\"2000\" height=\"1333\" src=\"https:\/\/steffenfreiling.de\/wp-content\/uploads\/2025\/06\/us-them-we-steffenfreiling-13.webp\" class=\"attachment-full size-full wp-image-3282\" alt=\"Makroaufnahme von Farbpigmenten in Seifenl\u00f6sung \u2013 aus der Serie \u00fcber soziale Strukturen, Ver\u00e4nderung und Verg\u00e4nglichkeit von Steffen Freiling.\" srcset=\"https:\/\/steffenfreiling.de\/wp-content\/uploads\/2025\/06\/us-them-we-steffenfreiling-13.webp 2000w, https:\/\/steffenfreiling.de\/wp-content\/uploads\/2025\/06\/us-them-we-steffenfreiling-13-800x533.webp 800w, https:\/\/steffenfreiling.de\/wp-content\/uploads\/2025\/06\/us-them-we-steffenfreiling-13-300x200.webp 300w, https:\/\/steffenfreiling.de\/wp-content\/uploads\/2025\/06\/us-them-we-steffenfreiling-13-1600x1066.webp 1600w, https:\/\/steffenfreiling.de\/wp-content\/uploads\/2025\/06\/us-them-we-steffenfreiling-13-64x43.webp 64w, https:\/\/steffenfreiling.de\/wp-content\/uploads\/2025\/06\/us-them-we-steffenfreiling-13-1024x682.webp 1024w, https:\/\/steffenfreiling.de\/wp-content\/uploads\/2025\/06\/us-them-we-steffenfreiling-13-768x512.webp 768w, https:\/\/steffenfreiling.de\/wp-content\/uploads\/2025\/06\/us-them-we-steffenfreiling-13-1536x1024.webp 1536w\" sizes=\"(max-width: 2000px) 100vw, 2000px\" \/>\t\t\t\t\t\t\t\t\t\t\t<figcaption class=\"widget-image-caption wp-caption-text\">The Bridge, 2024<\/figcaption>\n\t\t\t\t\t\t\t\t\t\t<\/figure>\n\t\t\t\t\t\t\t\t\t<\/div>\n\t\t\t\t<\/div>\n\t\t\t\t<div class=\"elementor-element elementor-element-81ff876 elementor-widget elementor-widget-image\" data-id=\"81ff876\" data-element_type=\"widget\" data-e-type=\"widget\" data-widget_type=\"image.default\">\n\t\t\t\t<div class=\"elementor-widget-container\">\n\t\t\t\t\t\t\t\t\t\t\t\t<figure class=\"wp-caption\">\n\t\t\t\t\t\t\t\t\t\t<img loading=\"lazy\" decoding=\"async\" width=\"2000\" height=\"1334\" src=\"https:\/\/steffenfreiling.de\/wp-content\/uploads\/2025\/06\/us-them-we-steffenfreiling-12.webp\" class=\"attachment-full size-full wp-image-3281\" alt=\"Makroaufnahme von Farbpigmenten in Seifenl\u00f6sung \u2013 aus der Serie \u00fcber soziale Strukturen, Ver\u00e4nderung und Verg\u00e4nglichkeit von Steffen Freiling.\" srcset=\"https:\/\/steffenfreiling.de\/wp-content\/uploads\/2025\/06\/us-them-we-steffenfreiling-12.webp 2000w, https:\/\/steffenfreiling.de\/wp-content\/uploads\/2025\/06\/us-them-we-steffenfreiling-12-800x534.webp 800w, https:\/\/steffenfreiling.de\/wp-content\/uploads\/2025\/06\/us-them-we-steffenfreiling-12-300x200.webp 300w, https:\/\/steffenfreiling.de\/wp-content\/uploads\/2025\/06\/us-them-we-steffenfreiling-12-1600x1067.webp 1600w, https:\/\/steffenfreiling.de\/wp-content\/uploads\/2025\/06\/us-them-we-steffenfreiling-12-64x43.webp 64w, https:\/\/steffenfreiling.de\/wp-content\/uploads\/2025\/06\/us-them-we-steffenfreiling-12-1024x683.webp 1024w, https:\/\/steffenfreiling.de\/wp-content\/uploads\/2025\/06\/us-them-we-steffenfreiling-12-768x512.webp 768w, https:\/\/steffenfreiling.de\/wp-content\/uploads\/2025\/06\/us-them-we-steffenfreiling-12-1536x1025.webp 1536w\" sizes=\"(max-width: 2000px) 100vw, 2000px\" \/>\t\t\t\t\t\t\t\t\t\t\t<figcaption class=\"widget-image-caption wp-caption-text\">Islands in the Stream, 2024<\/figcaption>\n\t\t\t\t\t\t\t\t\t\t<\/figure>\n\t\t\t\t\t\t\t\t\t<\/div>\n\t\t\t\t<\/div>\n\t\t\t\t<div class=\"elementor-element elementor-element-28cbeb9 elementor-widget elementor-widget-image\" data-id=\"28cbeb9\" data-element_type=\"widget\" data-e-type=\"widget\" data-widget_type=\"image.default\">\n\t\t\t\t<div class=\"elementor-widget-container\">\n\t\t\t\t\t\t\t\t\t\t\t\t<figure class=\"wp-caption\">\n\t\t\t\t\t\t\t\t\t\t<img loading=\"lazy\" decoding=\"async\" width=\"2000\" height=\"1333\" src=\"https:\/\/steffenfreiling.de\/wp-content\/uploads\/2025\/06\/us-them-we-steffenfreiling-10.webp\" class=\"attachment-full size-full wp-image-3280\" alt=\"Makroaufnahme von Farbpigmenten in Seifenl\u00f6sung \u2013 aus der Serie \u00fcber soziale Strukturen, Ver\u00e4nderung und Verg\u00e4nglichkeit von Steffen Freiling.\" srcset=\"https:\/\/steffenfreiling.de\/wp-content\/uploads\/2025\/06\/us-them-we-steffenfreiling-10.webp 2000w, https:\/\/steffenfreiling.de\/wp-content\/uploads\/2025\/06\/us-them-we-steffenfreiling-10-800x533.webp 800w, https:\/\/steffenfreiling.de\/wp-content\/uploads\/2025\/06\/us-them-we-steffenfreiling-10-300x200.webp 300w, https:\/\/steffenfreiling.de\/wp-content\/uploads\/2025\/06\/us-them-we-steffenfreiling-10-1600x1066.webp 1600w, https:\/\/steffenfreiling.de\/wp-content\/uploads\/2025\/06\/us-them-we-steffenfreiling-10-64x43.webp 64w, https:\/\/steffenfreiling.de\/wp-content\/uploads\/2025\/06\/us-them-we-steffenfreiling-10-1024x682.webp 1024w, https:\/\/steffenfreiling.de\/wp-content\/uploads\/2025\/06\/us-them-we-steffenfreiling-10-768x512.webp 768w, https:\/\/steffenfreiling.de\/wp-content\/uploads\/2025\/06\/us-them-we-steffenfreiling-10-1536x1024.webp 1536w\" sizes=\"(max-width: 2000px) 100vw, 2000px\" \/>\t\t\t\t\t\t\t\t\t\t\t<figcaption class=\"widget-image-caption wp-caption-text\">Name Less, 2024<\/figcaption>\n\t\t\t\t\t\t\t\t\t\t<\/figure>\n\t\t\t\t\t\t\t\t\t<\/div>\n\t\t\t\t<\/div>\n\t\t\t\t<div class=\"elementor-element elementor-element-cf7168c elementor-widget elementor-widget-image\" data-id=\"cf7168c\" data-element_type=\"widget\" data-e-type=\"widget\" data-widget_type=\"image.default\">\n\t\t\t\t<div class=\"elementor-widget-container\">\n\t\t\t\t\t\t\t\t\t\t\t\t<figure class=\"wp-caption\">\n\t\t\t\t\t\t\t\t\t\t<img loading=\"lazy\" decoding=\"async\" width=\"2000\" height=\"1333\" src=\"https:\/\/steffenfreiling.de\/wp-content\/uploads\/2025\/06\/us-them-we-steffenfreiling-03.webp\" class=\"attachment-full size-full wp-image-3275\" alt=\"Makroaufnahme von Farbpigmenten in Seifenl\u00f6sung \u2013 aus der Serie \u00fcber soziale Strukturen, Ver\u00e4nderung und Verg\u00e4nglichkeit von Steffen Freiling.\" srcset=\"https:\/\/steffenfreiling.de\/wp-content\/uploads\/2025\/06\/us-them-we-steffenfreiling-03.webp 2000w, https:\/\/steffenfreiling.de\/wp-content\/uploads\/2025\/06\/us-them-we-steffenfreiling-03-800x533.webp 800w, https:\/\/steffenfreiling.de\/wp-content\/uploads\/2025\/06\/us-them-we-steffenfreiling-03-300x200.webp 300w, https:\/\/steffenfreiling.de\/wp-content\/uploads\/2025\/06\/us-them-we-steffenfreiling-03-1600x1066.webp 1600w, https:\/\/steffenfreiling.de\/wp-content\/uploads\/2025\/06\/us-them-we-steffenfreiling-03-64x43.webp 64w, https:\/\/steffenfreiling.de\/wp-content\/uploads\/2025\/06\/us-them-we-steffenfreiling-03-1024x682.webp 1024w, https:\/\/steffenfreiling.de\/wp-content\/uploads\/2025\/06\/us-them-we-steffenfreiling-03-768x512.webp 768w, https:\/\/steffenfreiling.de\/wp-content\/uploads\/2025\/06\/us-them-we-steffenfreiling-03-1536x1024.webp 1536w\" sizes=\"(max-width: 2000px) 100vw, 2000px\" \/>\t\t\t\t\t\t\t\t\t\t\t<figcaption class=\"widget-image-caption wp-caption-text\">Close to the Harbour, 2024<\/figcaption>\n\t\t\t\t\t\t\t\t\t\t<\/figure>\n\t\t\t\t\t\t\t\t\t<\/div>\n\t\t\t\t<\/div>\n\t\t\t\t<div class=\"elementor-element elementor-element-7d4bab3 elementor-widget elementor-widget-image\" data-id=\"7d4bab3\" data-element_type=\"widget\" data-e-type=\"widget\" data-widget_type=\"image.default\">\n\t\t\t\t<div class=\"elementor-widget-container\">\n\t\t\t\t\t\t\t\t\t\t\t\t<figure class=\"wp-caption\">\n\t\t\t\t\t\t\t\t\t\t<img loading=\"lazy\" decoding=\"async\" width=\"2000\" height=\"919\" src=\"https:\/\/steffenfreiling.de\/wp-content\/uploads\/2025\/06\/us-them-we-steffenfreiling-05.webp\" class=\"attachment-full size-full wp-image-3276\" alt=\"Makroaufnahme von Farbpigmenten in Seifenl\u00f6sung \u2013 aus der Serie \u00fcber soziale Strukturen, Ver\u00e4nderung und Verg\u00e4nglichkeit von Steffen Freiling.\" srcset=\"https:\/\/steffenfreiling.de\/wp-content\/uploads\/2025\/06\/us-them-we-steffenfreiling-05.webp 2000w, https:\/\/steffenfreiling.de\/wp-content\/uploads\/2025\/06\/us-them-we-steffenfreiling-05-800x368.webp 800w, https:\/\/steffenfreiling.de\/wp-content\/uploads\/2025\/06\/us-them-we-steffenfreiling-05-300x138.webp 300w, https:\/\/steffenfreiling.de\/wp-content\/uploads\/2025\/06\/us-them-we-steffenfreiling-05-1600x735.webp 1600w, https:\/\/steffenfreiling.de\/wp-content\/uploads\/2025\/06\/us-them-we-steffenfreiling-05-64x29.webp 64w, https:\/\/steffenfreiling.de\/wp-content\/uploads\/2025\/06\/us-them-we-steffenfreiling-05-1024x471.webp 1024w, https:\/\/steffenfreiling.de\/wp-content\/uploads\/2025\/06\/us-them-we-steffenfreiling-05-768x353.webp 768w, https:\/\/steffenfreiling.de\/wp-content\/uploads\/2025\/06\/us-them-we-steffenfreiling-05-1536x706.webp 1536w\" sizes=\"(max-width: 2000px) 100vw, 2000px\" \/>\t\t\t\t\t\t\t\t\t\t\t<figcaption class=\"widget-image-caption wp-caption-text\">Many of Them - Few of Us, 2024<\/figcaption>\n\t\t\t\t\t\t\t\t\t\t<\/figure>\n\t\t\t\t\t\t\t\t\t<\/div>\n\t\t\t\t<\/div>\n\t\t\t\t<\/div>\n\t\t<div class=\"elementor-element elementor-element-23a5311 e-flex e-con-boxed e-con e-parent\" data-id=\"23a5311\" data-element_type=\"container\" data-e-type=\"container\">\n\t\t\t\t\t<div class=\"e-con-inner\">\n\t\t\t\t<div class=\"elementor-element elementor-element-476fb77 elementor-widget elementor-widget-spacer\" data-id=\"476fb77\" data-element_type=\"widget\" data-e-type=\"widget\" data-widget_type=\"spacer.default\">\n\t\t\t\t<div class=\"elementor-widget-container\">\n\t\t\t\t\t\t\t<div class=\"elementor-spacer\">\n\t\t\t<div class=\"elementor-spacer-inner\"><\/div>\n\t\t<\/div>\n\t\t\t\t\t\t<\/div>\n\t\t\t\t<\/div>\n\t\t\t\t<div class=\"elementor-element elementor-element-10246ce elementor-widget__width-initial elementor-widget elementor-widget-text-editor\" data-id=\"10246ce\" data-element_type=\"widget\" data-e-type=\"widget\" data-widget_type=\"text-editor.default\">\n\t\t\t\t<div class=\"elementor-widget-container\">\n\t\t\t\t\t\t\t\t\t<p>These and other works from \u201eUs Them We\u201c are available as limited edition fine art prints in selected formats in the online shop. Large formats are produced exclusively for exhibitions, galleries, and upon individual request. <\/p>\t\t\t\t\t\t\t\t<\/div>\n\t\t\t\t<\/div>\n\t\t<div class=\"elementor-element elementor-element-e1a25d6 e-con-full e-flex e-con e-child\" data-id=\"e1a25d6\" data-element_type=\"container\" data-e-type=\"container\">\n\t\t\t\t<div class=\"elementor-element elementor-element-a21ca8a sf-btn-primary elementor-mobile-align-center elementor-align-center elementor-widget elementor-widget-button\" data-id=\"a21ca8a\" data-element_type=\"widget\" data-e-type=\"widget\" data-widget_type=\"button.default\">\n\t\t\t\t<div class=\"elementor-widget-container\">\n\t\t\t\t\t\t\t\t\t<div class=\"elementor-button-wrapper\">\n\t\t\t\t\t<a class=\"elementor-button elementor-button-link elementor-size-sm elementor-animation-grow\" href=\"https:\/\/steffenfreiling.de\/en\/store\/\">\n\t\t\t\t\t\t<span class=\"elementor-button-content-wrapper\">\n\t\t\t\t\t\t\t\t\t<span class=\"elementor-button-text\">Fine Art Prints \u2013 Shop<\/span>\n\t\t\t\t\t<\/span>\n\t\t\t\t\t<\/a>\n\t\t\t\t<\/div>\n\t\t\t\t\t\t\t\t<\/div>\n\t\t\t\t<\/div>\n\t\t\t\t<div class=\"elementor-element elementor-element-35c942e sf-btn-primary elementor-mobile-align-center elementor-align-center elementor-widget elementor-widget-button\" data-id=\"35c942e\" data-element_type=\"widget\" data-e-type=\"widget\" data-widget_type=\"button.default\">\n\t\t\t\t<div class=\"elementor-widget-container\">\n\t\t\t\t\t\t\t\t\t<div class=\"elementor-button-wrapper\">\n\t\t\t\t\t<a class=\"elementor-button elementor-button-link elementor-size-sm elementor-animation-grow\" href=\"https:\/\/steffenfreiling.de\/en\/contact-us\/\">\n\t\t\t\t\t\t<span class=\"elementor-button-content-wrapper\">\n\t\t\t\t\t\t\t\t\t<span class=\"elementor-button-text\">Send request<\/span>\n\t\t\t\t\t<\/span>\n\t\t\t\t\t<\/a>\n\t\t\t\t<\/div>\n\t\t\t\t\t\t\t\t<\/div>\n\t\t\t\t<\/div>\n\t\t\t\t<\/div>\n\t\t\t\t<div class=\"elementor-element elementor-element-64e395e elementor-widget elementor-widget-spacer\" data-id=\"64e395e\" data-element_type=\"widget\" data-e-type=\"widget\" data-widget_type=\"spacer.default\">\n\t\t\t\t<div class=\"elementor-widget-container\">\n\t\t\t\t\t\t\t<div class=\"elementor-spacer\">\n\t\t\t<div class=\"elementor-spacer-inner\"><\/div>\n\t\t<\/div>\n\t\t\t\t\t\t<\/div>\n\t\t\t\t<\/div>\n\t\t\t\t\t<\/div>\n\t\t\t\t<\/div>\n\t\t\t\t<\/div>\n\t\t","protected":false},"excerpt":{"rendered":"<p>Us \u2013 Them \u2013 We: Spaces of Connectedness This series moves between closeness and distance, between connection and separation. It circles around the idea of togetherness \u2013 in large or small groups, or completely alone, calmly, consciously, and self-contained. In urban structures, on imaginary islands, across entire continents. These dynamic structures emerged in a petri [&hellip;]<\/p>\n","protected":false},"author":1,"featured_media":0,"parent":3963,"menu_order":0,"comment_status":"closed","ping_status":"closed","template":"elementor_header_footer","meta":{"footnotes":""},"class_list":["post-3762","page","type-page","status-publish","hentry"],"yoast_head":"<!-- This site is optimized with the Yoast SEO plugin v27.5 - https:\/\/yoast.com\/product\/yoast-seo-wordpress\/ -->\n<title>Us Them We - Fine Art Photography | Limited Editions | Steffen Freiling<\/title>\n<meta name=\"robots\" content=\"index, follow, max-snippet:-1, max-image-preview:large, max-video-preview:-1\" \/>\n<link rel=\"canonical\" href=\"https:\/\/steffenfreiling.de\/en\/galleries\/us-them-we\/\" \/>\n<meta property=\"og:locale\" content=\"en_US\" \/>\n<meta property=\"og:type\" content=\"article\" \/>\n<meta property=\"og:title\" content=\"Us Them We - Fine Art Photography | Limited Editions | Steffen Freiling\" \/>\n<meta property=\"og:description\" content=\"Us \u2013 Them \u2013 We: Spaces of Connectedness This series moves between closeness and distance, between connection and separation. It circles around the idea of togetherness \u2013 in large or small groups, or completely alone, calmly, consciously, and self-contained. In urban structures, on imaginary islands, across entire continents. These dynamic structures emerged in a petri [&hellip;]\" \/>\n<meta property=\"og:url\" content=\"https:\/\/steffenfreiling.de\/en\/galleries\/us-them-we\/\" \/>\n<meta property=\"og:site_name\" content=\"Fine Art Photography | Limited Editions | Steffen Freiling\" \/>\n<meta property=\"article:publisher\" content=\"https:\/\/www.facebook.com\/SteffenFreilingPhotography\" \/>\n<meta property=\"article:modified_time\" content=\"2025-11-25T17:58:32+00:00\" \/>\n<meta property=\"og:image\" content=\"https:\/\/steffenfreiling.de\/wp-content\/uploads\/2025\/06\/us-them-we-steffenfreiling-06-800.webp\" \/>\n<meta name=\"twitter:card\" content=\"summary_large_image\" \/>\n<meta name=\"twitter:label1\" content=\"Est. reading time\" \/>\n\t<meta name=\"twitter:data1\" content=\"1 minute\" \/>\n<script type=\"application\/ld+json\" class=\"yoast-schema-graph\">{\"@context\":\"https:\\\/\\\/schema.org\",\"@graph\":[{\"@type\":\"WebPage\",\"@id\":\"https:\\\/\\\/steffenfreiling.de\\\/en\\\/galleries\\\/us-them-we\\\/\",\"url\":\"https:\\\/\\\/steffenfreiling.de\\\/en\\\/galleries\\\/us-them-we\\\/\",\"name\":\"Us Them We - Fine Art Photography | Limited Editions | Steffen Freiling\",\"isPartOf\":{\"@id\":\"https:\\\/\\\/steffenfreiling.de\\\/en\\\/#website\"},\"primaryImageOfPage\":{\"@id\":\"https:\\\/\\\/steffenfreiling.de\\\/en\\\/galleries\\\/us-them-we\\\/#primaryimage\"},\"image\":{\"@id\":\"https:\\\/\\\/steffenfreiling.de\\\/en\\\/galleries\\\/us-them-we\\\/#primaryimage\"},\"thumbnailUrl\":\"https:\\\/\\\/steffenfreiling.de\\\/wp-content\\\/uploads\\\/2025\\\/06\\\/us-them-we-steffenfreiling-06-800.webp\",\"datePublished\":\"2025-06-17T14:05:38+00:00\",\"dateModified\":\"2025-11-25T17:58:32+00:00\",\"breadcrumb\":{\"@id\":\"https:\\\/\\\/steffenfreiling.de\\\/en\\\/galleries\\\/us-them-we\\\/#breadcrumb\"},\"inLanguage\":\"en-US\",\"potentialAction\":[{\"@type\":\"ReadAction\",\"target\":[\"https:\\\/\\\/steffenfreiling.de\\\/en\\\/galleries\\\/us-them-we\\\/\"]}]},{\"@type\":\"ImageObject\",\"inLanguage\":\"en-US\",\"@id\":\"https:\\\/\\\/steffenfreiling.de\\\/en\\\/galleries\\\/us-them-we\\\/#primaryimage\",\"url\":\"https:\\\/\\\/steffenfreiling.de\\\/wp-content\\\/uploads\\\/2025\\\/06\\\/us-them-we-steffenfreiling-06-800.webp\",\"contentUrl\":\"https:\\\/\\\/steffenfreiling.de\\\/wp-content\\\/uploads\\\/2025\\\/06\\\/us-them-we-steffenfreiling-06-800.webp\"},{\"@type\":\"BreadcrumbList\",\"@id\":\"https:\\\/\\\/steffenfreiling.de\\\/en\\\/galleries\\\/us-them-we\\\/#breadcrumb\",\"itemListElement\":[{\"@type\":\"ListItem\",\"position\":1,\"name\":\"Startseite\",\"item\":\"https:\\\/\\\/steffenfreiling.de\\\/en\\\/\"},{\"@type\":\"ListItem\",\"position\":2,\"name\":\"GALLERIES\",\"item\":\"https:\\\/\\\/steffenfreiling.de\\\/en\\\/galleries\\\/\"},{\"@type\":\"ListItem\",\"position\":3,\"name\":\"Us Them We\"}]},{\"@type\":\"WebSite\",\"@id\":\"https:\\\/\\\/steffenfreiling.de\\\/en\\\/#website\",\"url\":\"https:\\\/\\\/steffenfreiling.de\\\/en\\\/\",\"name\":\"Fine Art Photography | Limited Editions | Steffen Freiling\",\"description\":\"Exclusive Fine Art Prints & Slit Scan Masterpieces\",\"publisher\":{\"@id\":\"https:\\\/\\\/steffenfreiling.de\\\/en\\\/#\\\/schema\\\/person\\\/c75e304ac2563e4ff7ee9efb8ad17a78\"},\"potentialAction\":[{\"@type\":\"SearchAction\",\"target\":{\"@type\":\"EntryPoint\",\"urlTemplate\":\"https:\\\/\\\/steffenfreiling.de\\\/en\\\/?s={search_term_string}\"},\"query-input\":{\"@type\":\"PropertyValueSpecification\",\"valueRequired\":true,\"valueName\":\"search_term_string\"}}],\"inLanguage\":\"en-US\"},{\"@type\":[\"Person\",\"Organization\"],\"@id\":\"https:\\\/\\\/steffenfreiling.de\\\/en\\\/#\\\/schema\\\/person\\\/c75e304ac2563e4ff7ee9efb8ad17a78\",\"name\":\"Steffen Freiling\",\"image\":{\"@type\":\"ImageObject\",\"inLanguage\":\"en-US\",\"@id\":\"https:\\\/\\\/steffenfreiling.de\\\/wp-content\\\/uploads\\\/2025\\\/05\\\/SF-PhotoWorks-Top-Werbemittel-2000.png\",\"url\":\"https:\\\/\\\/steffenfreiling.de\\\/wp-content\\\/uploads\\\/2025\\\/05\\\/SF-PhotoWorks-Top-Werbemittel-2000.png\",\"contentUrl\":\"https:\\\/\\\/steffenfreiling.de\\\/wp-content\\\/uploads\\\/2025\\\/05\\\/SF-PhotoWorks-Top-Werbemittel-2000.png\",\"width\":2000,\"height\":2000,\"caption\":\"Steffen Freiling\"},\"logo\":{\"@id\":\"https:\\\/\\\/steffenfreiling.de\\\/wp-content\\\/uploads\\\/2025\\\/05\\\/SF-PhotoWorks-Top-Werbemittel-2000.png\"},\"description\":\"Fine art photographer Steffen Freiling specializes in slit-scan techniques and limited edition prints.\",\"sameAs\":[\"http:\\\/\\\/steffenfreiling.de\",\"https:\\\/\\\/www.facebook.com\\\/SteffenFreilingPhotography\",\"https:\\\/\\\/www.instagram.com\\\/steffenfreilingphotography\\\/\",\"https:\\\/\\\/www.linkedin.com\\\/in\\\/steffen-freiling-050922bb\\\/\",\"https:\\\/\\\/www.youtube.com\\\/@TonyPSF\"]}]}<\/script>\n<!-- \/ Yoast SEO plugin. -->","yoast_head_json":{"title":"Us Them We - Fine Art Photography | Limited Editions | Steffen Freiling","robots":{"index":"index","follow":"follow","max-snippet":"max-snippet:-1","max-image-preview":"max-image-preview:large","max-video-preview":"max-video-preview:-1"},"canonical":"https:\/\/steffenfreiling.de\/en\/galleries\/us-them-we\/","og_locale":"en_US","og_type":"article","og_title":"Us Them We - Fine Art Photography | Limited Editions | Steffen Freiling","og_description":"Us \u2013 Them \u2013 We: Spaces of Connectedness This series moves between closeness and distance, between connection and separation. It circles around the idea of togetherness \u2013 in large or small groups, or completely alone, calmly, consciously, and self-contained. In urban structures, on imaginary islands, across entire continents. These dynamic structures emerged in a petri [&hellip;]","og_url":"https:\/\/steffenfreiling.de\/en\/galleries\/us-them-we\/","og_site_name":"Fine Art Photography | Limited Editions | Steffen Freiling","article_publisher":"https:\/\/www.facebook.com\/SteffenFreilingPhotography","article_modified_time":"2025-11-25T17:58:32+00:00","og_image":[{"url":"https:\/\/steffenfreiling.de\/wp-content\/uploads\/2025\/06\/us-them-we-steffenfreiling-06-800.webp","type":"","width":"","height":""}],"twitter_card":"summary_large_image","twitter_misc":{"Est. reading time":"1 minute"},"schema":{"@context":"https:\/\/schema.org","@graph":[{"@type":"WebPage","@id":"https:\/\/steffenfreiling.de\/en\/galleries\/us-them-we\/","url":"https:\/\/steffenfreiling.de\/en\/galleries\/us-them-we\/","name":"Us Them We - Fine Art Photography | Limited Editions | Steffen Freiling","isPartOf":{"@id":"https:\/\/steffenfreiling.de\/en\/#website"},"primaryImageOfPage":{"@id":"https:\/\/steffenfreiling.de\/en\/galleries\/us-them-we\/#primaryimage"},"image":{"@id":"https:\/\/steffenfreiling.de\/en\/galleries\/us-them-we\/#primaryimage"},"thumbnailUrl":"https:\/\/steffenfreiling.de\/wp-content\/uploads\/2025\/06\/us-them-we-steffenfreiling-06-800.webp","datePublished":"2025-06-17T14:05:38+00:00","dateModified":"2025-11-25T17:58:32+00:00","breadcrumb":{"@id":"https:\/\/steffenfreiling.de\/en\/galleries\/us-them-we\/#breadcrumb"},"inLanguage":"en-US","potentialAction":[{"@type":"ReadAction","target":["https:\/\/steffenfreiling.de\/en\/galleries\/us-them-we\/"]}]},{"@type":"ImageObject","inLanguage":"en-US","@id":"https:\/\/steffenfreiling.de\/en\/galleries\/us-them-we\/#primaryimage","url":"https:\/\/steffenfreiling.de\/wp-content\/uploads\/2025\/06\/us-them-we-steffenfreiling-06-800.webp","contentUrl":"https:\/\/steffenfreiling.de\/wp-content\/uploads\/2025\/06\/us-them-we-steffenfreiling-06-800.webp"},{"@type":"BreadcrumbList","@id":"https:\/\/steffenfreiling.de\/en\/galleries\/us-them-we\/#breadcrumb","itemListElement":[{"@type":"ListItem","position":1,"name":"Startseite","item":"https:\/\/steffenfreiling.de\/en\/"},{"@type":"ListItem","position":2,"name":"GALLERIES","item":"https:\/\/steffenfreiling.de\/en\/galleries\/"},{"@type":"ListItem","position":3,"name":"Us Them We"}]},{"@type":"WebSite","@id":"https:\/\/steffenfreiling.de\/en\/#website","url":"https:\/\/steffenfreiling.de\/en\/","name":"Fine Art Photography | Limited Editions | Steffen Freiling","description":"Exclusive Fine Art Prints & Slit Scan Masterpieces","publisher":{"@id":"https:\/\/steffenfreiling.de\/en\/#\/schema\/person\/c75e304ac2563e4ff7ee9efb8ad17a78"},"potentialAction":[{"@type":"SearchAction","target":{"@type":"EntryPoint","urlTemplate":"https:\/\/steffenfreiling.de\/en\/?s={search_term_string}"},"query-input":{"@type":"PropertyValueSpecification","valueRequired":true,"valueName":"search_term_string"}}],"inLanguage":"en-US"},{"@type":["Person","Organization"],"@id":"https:\/\/steffenfreiling.de\/en\/#\/schema\/person\/c75e304ac2563e4ff7ee9efb8ad17a78","name":"Steffen Freiling","image":{"@type":"ImageObject","inLanguage":"en-US","@id":"https:\/\/steffenfreiling.de\/wp-content\/uploads\/2025\/05\/SF-PhotoWorks-Top-Werbemittel-2000.png","url":"https:\/\/steffenfreiling.de\/wp-content\/uploads\/2025\/05\/SF-PhotoWorks-Top-Werbemittel-2000.png","contentUrl":"https:\/\/steffenfreiling.de\/wp-content\/uploads\/2025\/05\/SF-PhotoWorks-Top-Werbemittel-2000.png","width":2000,"height":2000,"caption":"Steffen Freiling"},"logo":{"@id":"https:\/\/steffenfreiling.de\/wp-content\/uploads\/2025\/05\/SF-PhotoWorks-Top-Werbemittel-2000.png"},"description":"Fine art photographer Steffen Freiling specializes in slit-scan techniques and limited edition prints.","sameAs":["http:\/\/steffenfreiling.de","https:\/\/www.facebook.com\/SteffenFreilingPhotography","https:\/\/www.instagram.com\/steffenfreilingphotography\/","https:\/\/www.linkedin.com\/in\/steffen-freiling-050922bb\/","https:\/\/www.youtube.com\/@TonyPSF"]}]}},"_links":{"self":[{"href":"https:\/\/steffenfreiling.de\/en\/wp-json\/wp\/v2\/pages\/3762","targetHints":{"allow":["GET"]}}],"collection":[{"href":"https:\/\/steffenfreiling.de\/en\/wp-json\/wp\/v2\/pages"}],"about":[{"href":"https:\/\/steffenfreiling.de\/en\/wp-json\/wp\/v2\/types\/page"}],"author":[{"embeddable":true,"href":"https:\/\/steffenfreiling.de\/en\/wp-json\/wp\/v2\/users\/1"}],"replies":[{"embeddable":true,"href":"https:\/\/steffenfreiling.de\/en\/wp-json\/wp\/v2\/comments?post=3762"}],"version-history":[{"count":11,"href":"https:\/\/steffenfreiling.de\/en\/wp-json\/wp\/v2\/pages\/3762\/revisions"}],"predecessor-version":[{"id":32057,"href":"https:\/\/steffenfreiling.de\/en\/wp-json\/wp\/v2\/pages\/3762\/revisions\/32057"}],"up":[{"embeddable":true,"href":"https:\/\/steffenfreiling.de\/en\/wp-json\/wp\/v2\/pages\/3963"}],"wp:attachment":[{"href":"https:\/\/steffenfreiling.de\/en\/wp-json\/wp\/v2\/media?parent=3762"}],"curies":[{"name":"wp","href":"https:\/\/api.w.org\/{rel}","templated":true}]}}